{"version":"1.0","provider_name":"avant-premiere","provider_url":"https:\/\/www.avant-premiere.com.tn\/ar","author_name":"\u062e\u064a\u0631 \u0627\u0644\u062f\u064a\u0646","author_url":"https:\/\/www.avant-premiere.com.tn\/ar\/author\/khairi\/","title":"Ambassade de l\u2019Inde Tunis - avant-premiere","type":"rich","width":600,"height":338,"html":"<blockquote class=\"wp-embedded-content\" data-secret=\"yg9gmN09PQ\"><a href=\"https:\/\/www.avant-premiere.com.tn\/ar\/2025\/06\/23\/ambassade-de-linde-tunis\/\">Ambassade de l\u2019Inde Tunis<\/a><\/blockquote><iframe sandbox=\"allow-scripts\" security=\"restricted\" src=\"https:\/\/www.avant-premiere.com.tn\/ar\/2025\/06\/23\/ambassade-de-linde-tunis\/embed\/#?secret=yg9gmN09PQ\" width=\"600\" height=\"338\" title=\"&#8220;Ambassade de l\u2019Inde Tunis&#8221; &#8212; avant-premiere\" data-secret=\"yg9gmN09PQ\" frameborder=\"0\" marginwidth=\"0\" marginheight=\"0\" scrolling=\"no\" class=\"wp-embedded-content\"><\/iframe><script type=\"text\/javascript\">\n\/* <![CDATA[ *\/\n\/*! This file is auto-generated *\/\n!function(d,l){\"use strict\";l.querySelector&&d.addEventListener&&\"undefined\"!=typeof URL&&(d.wp=d.wp||{},d.wp.receiveEmbedMessage||(d.wp.receiveEmbedMessage=function(e){var t=e.data;if((t||t.secret||t.message||t.value)&&!\/[^a-zA-Z0-9]\/.test(t.secret)){for(var s,r,n,a=l.querySelectorAll('iframe[data-secret=\"'+t.secret+'\"]'),o=l.querySelectorAll('blockquote[data-secret=\"'+t.secret+'\"]'),c=new RegExp(\"^https?:$\",\"i\"),i=0;i<o.length;i++)o[i].style.display=\"none\";for(i=0;i<a.length;i++)s=a[i],e.source===s.contentWindow&&(s.removeAttribute(\"style\"),\"height\"===t.message?(1e3<(r=parseInt(t.value,10))?r=1e3:~~r<200&&(r=200),s.height=r):\"link\"===t.message&&(r=new URL(s.getAttribute(\"src\")),n=new URL(t.value),c.test(n.protocol))&&n.host===r.host&&l.activeElement===s&&(d.top.location.href=t.value))}},d.addEventListener(\"message\",d.wp.receiveEmbedMessage,!1),l.addEventListener(\"DOMContentLoaded\",function(){for(var e,t,s=l.querySelectorAll(\"iframe.wp-embedded-content\"),r=0;r<s.length;r++)(t=(e=s[r]).getAttribute(\"data-secret\"))||(t=Math.random().toString(36).substring(2,12),e.src+=\"#?secret=\"+t,e.setAttribute(\"data-secret\",t)),e.contentWindow.postMessage({message:\"ready\",secret:t},\"*\")},!1)))}(window,document);\n\/\/# sourceURL=https:\/\/www.avant-premiere.com.tn\/ar\/wp-includes\/js\/wp-embed.min.js\n\/* ]]> *\/\n<\/script>\n","thumbnail_url":"https:\/\/www.avant-premiere.com.tn\/ar\/wp-content\/uploads\/2025\/06\/DSC01091-min.jpg","thumbnail_width":320,"thumbnail_height":213,"description":"L&#8217;Ambassade de l&#8217;Inde \u00e0 Tunis, en collaboration avec les Minist\u00e8res tunisiens des Affaires \u00e9trang\u00e8res, de la Culture, de la Jeunesse et des Sports, de la Sant\u00e9, ainsi que la Mission des Nations Unies en Tunisie, a c\u00e9l\u00e9br\u00e9 la 11\u1d49 Journ\u00e9e internationale du yoga (IDY) le 21 juin 2025 sur l\u2019historique \u00ab Esplanade de Carthage \u00bb, face au Mus\u00e9e national de Carthage. Le th\u00e8me de cette ann\u00e9e \u00e9tait : \u00ab Le Yoga pour une Terre, une Sant\u00e9 \u00bb. Dans son allocution, Son Excellence l\u2019Ambassadrice Dr Devyani Khobragade a cit\u00e9 le Premier ministre indien Shri Narendra Modi : \u00a0\u00a0\u00a0\u00a0\u00a0\u00a0\u00a0\u00a0\u00a0\u00a0\u00a0\u00a0\u00a0\u00a0\u00a0\u00a0\u00a0\u00a0 \u00ab Le yoga est un don inestimable de l\u2019ancienne tradition indienne. Il incarne l\u2019unit\u00e9 du corps et de l\u2019esprit, de la pens\u00e9e et de l\u2019action, de la mod\u00e9ration et de la pl\u00e9nitude, l\u2019harmonie entre l\u2019homme et la nature \u2014 une approche holistique de la sant\u00e9 et du bien-\u00eatre. \u00bb L\u2019Ambassadrice a soulign\u00e9 le message du th\u00e8me de cette ann\u00e9e, mettant en avant le lien profond entre le bien-\u00eatre humain et la sant\u00e9 plan\u00e9taire, en r\u00e9sonance avec la philosophie indienne du Vasudhaiva Kutumbakam \u2013 \u00ab Le monde est une seule famille \u00bb. Elle a remerci\u00e9 le gouvernement tunisien et la Mission des Nations Unies pour leur soutien, et salu\u00e9 la pr\u00e9sence de l\u2019invit\u00e9 d\u2019honneur M. Nizar Ousji, Nizar Aousji, D\u00e9l\u00e9gu\u00e9 R\u00e9gional de la Jeunesse et des Sports \u00e0 Tunis, de la Repr\u00e9sentante du PNUD Mme C\u00e9line Moyroud, du Maire de Carthage Byrsa M. Hamed Hannechi, du Pr\u00e9sident du conseil local de Carthage M. Sa\u00efd Laabidi, ainsi que d&#8217;autres personnalit\u00e9s, du corps diplomatique, de la communaut\u00e9 indienne et des passionn\u00e9s de yoga. L\u2019Ambassadrice a \u00e9galement annonc\u00e9 le lancement de cours r\u00e9guliers de yoga et de hindi \u00e0 l\u2019Ambassade \u00e0 partir du 1\u1d49\u02b3 juillet 2025, invitant les Tunisiens \u00e0 y participer pour promouvoir le bien-\u00eatre holistique et l\u2019\u00e9change culturel. L\u2019invit\u00e9 d\u2019honneur, M. Nizar Ousji, a salu\u00e9 les relations solides entre l\u2019Inde et la Tunisie, s\u2019est r\u00e9joui de la c\u00e9l\u00e9bration de l\u2019IDY 2025 sur ce site historique de Carthage, et a salu\u00e9 l\u2019initiative de l\u2019Ambassade de lancer des s\u00e9ances r\u00e9guli\u00e8res de yoga ainsi que des cours de langue hindi d\u00e8s juillet 2025. La Repr\u00e9sentante du PNUD, Mme C\u00e9line Moyroud, a soulign\u00e9 le r\u00f4le du yoga dans la promotion de l\u2019harmonie et du bien-\u00eatre, et a salu\u00e9 la pertinence accrue du th\u00e8me de cette ann\u00e9e dans le contexte mondial actuel. Organis\u00e9e au milieu des ruines antiques surplombant la M\u00e9diterran\u00e9e, la s\u00e9ance de yoga en plein air \u2013 dirig\u00e9e par l\u2019Ambassadrice elle-m\u00eame, professeure de yoga certifi\u00e9e, accompagn\u00e9e de Mme Nihel Bechini, l\u2019instructrice de yoga de l\u2019Ambassade \u2013 a attir\u00e9 plus de 400 participants, dont des ambassadeurs, des diplomates, des responsables du gouvernement tunisien, des influenceurs, ainsi que des c\u00e9l\u00e9brit\u00e9s tunisiennes telles que Mme Imen Mehrzi, Miss World Talent 2024. En amont de l&#8217;\u00e9v\u00e9nement principal, trois s\u00e9ances de yoga ont \u00e9t\u00e9 organis\u00e9es en mai et juin \u00e0 l\u2019Ambassade, \u00e0 la R\u00e9sidence de l\u2019Ambassadrice et \u00e0 Sidi Bou Sa\u00efd. La c\u00e9l\u00e9bration principale a \u00e9t\u00e9 diffus\u00e9e en direct sur Facebook. *** &nbsp;"}